{"id":1088,"date":"2020-07-27T17:16:04","date_gmt":"2020-07-27T14:16:04","guid":{"rendered":"http:\/\/www.globaplast.com\/?page_id=1088"},"modified":"2020-07-27T17:16:04","modified_gmt":"2020-07-27T14:16:04","slug":"turk-bilim-insanlari-sivi-gecirmeyen-antibakteriyel-hastane-kumasi-uretti","status":"publish","type":"page","link":"https:\/\/www.globaplast.com\/en\/turk-bilim-insanlari-sivi-gecirmeyen-antibakteriyel-hastane-kumasi-uretti\/","title":{"rendered":"T\u00fcrk Bilim \u0130nsanlar\u0131 S\u0131v\u0131 Ge\u00e7irmeyen Antibakteriyel Hastane Kuma\u015f\u0131 \u00dcretti"},"content":{"rendered":"<p>[vc_row][vc_column][vc_single_image image=&#8221;1080&#8243; img_size=&#8221;full&#8221; alignment=&#8221;center&#8221;][vc_empty_space][\/vc_column][\/vc_row][vc_row][vc_column][vc_column_text]\u0130T\u00dc Tekstil M\u00fchendisli\u011fi B\u00f6l\u00fcm\u00fc \u00d6\u011fretim \u00dcyesi Do\u00e7. Dr. Ali K\u0131l\u0131\u00e7, \u201cAntibakteriyel \u00fcr\u00fcnler kullan\u0131lm\u0131yor \u015fu anda \u00fclkemizde. Biz bu yenilik\u00e7i \u00fcr\u00fcnlerden yapt\u0131\u011f\u0131m\u0131z zaman hem kan\u0131 ve idrar\u0131 itiyor bu malzeme, \u00f6zellikle \u00f6nl\u00fcklerde ve sedye kuma\u015flar\u0131nda, hem de antibakteriyel \u00f6zelli\u011fi sebebiyle hastane enfeksiyonunun \u00f6n\u00fcne ge\u00e7iyoruz\u201d dedi.<\/p>\n<p>T\u00fcrk bilim insanlar\u0131, hastane enfeksiyonlar\u0131n\u0131n \u00f6n\u00fcne ge\u00e7mek amac\u0131yla antibakretiyel ve s\u0131v\u0131 ge\u00e7irmeyen hastane kuma\u015f\u0131 \u00fcretti. \u0130stanbul Teknik \u00dcniversitesi (\u0130T\u00dc) Tekstil M\u00fchendisli\u011fi B\u00f6l\u00fcm\u00fc \u00d6\u011fretim \u00dcyesi Do\u00e7. Dr. Ali K\u0131l\u0131\u00e7, Mimar ve M\u00fchendisler Grubu (MMG) taraf\u0131ndan d\u00fczenlenen 4. Ar-Ge ve \u0130novasyon Zirvesi\u2019nde AA muhabirinin sorular\u0131n\u0131 cevaplad\u0131.<\/p>\n<p>\u0130stanbul Kalk\u0131nma Ajans\u0131\u2019n\u0131n (\u0130STKA) deste\u011fiyle \u0130stanbul \u0130l Sa\u011fl\u0131k M\u00fcd\u00fcrl\u00fc\u011f\u00fc ve \u0130T\u00dc olarak Medikal Tekstiller Ar-Ge Merkezi\u2019ni (MediTeks) kurduklar\u0131n\u0131 anlatan K\u0131l\u0131\u00e7, burada, doktorlardan ald\u0131klar\u0131 cevaplara g\u00f6re hastanelerin ihtiya\u00e7 duydu\u011fu katma de\u011ferli malzemeleri geli\u015ftirdiklerini s\u00f6yledi.<\/p>\n<p>Doktorlar\u0131n \u00f6nl\u00fckleri, hastane \u00e7al\u0131\u015fanlar\u0131n\u0131n k\u0131yafetleri ve sedye kuma\u015f\u0131 gibi alanlarda inovasyon k\u00fclt\u00fcr\u00fcn\u00fc kullanarak yenilik\u00e7i \u00fcr\u00fcnler geli\u015ftirdiklerini belirten K\u0131l\u0131\u00e7, \u201cAntibakteriyel ve itici yap\u0131da \u00fcr\u00fcnler yap\u0131yoruz. Bu \u00fcr\u00fcnlerde hastane enfeksiyonunu da tetikleyen belli problemler vard\u0131. Antibakteriyel \u00fcr\u00fcnler kullan\u0131lm\u0131yor \u015fu anda \u00fclkemizde. Biz bu yenilik\u00e7i \u00fcr\u00fcnlerden yapt\u0131\u011f\u0131m\u0131z zaman hem kan\u0131 ve idrar\u0131 itiyor bu malzeme, \u00f6zellikle \u00f6nl\u00fcklerde ve sedye kuma\u015flar\u0131nda, hem de antibakteriyel \u00f6zelli\u011fi sebebiyle hastane enfeksiyonunun \u00f6n\u00fcne ge\u00e7iyoruz.\u201d bilgilerini verdi.<\/p>\n<p>Hastane enfeksiyonlar\u0131n\u0131 azaltan kaplama malzemeleri \u00fczerinde de \u00e7al\u0131\u015ft\u0131klar\u0131n\u0131 aktaran K\u0131l\u0131\u00e7, sa\u011fl\u0131k merkezlerinin i\u00e7 mekanlar\u0131nda kullan\u0131lan kompozit malzemeleriyle hastane enfeksiyonlar\u0131n\u0131 azaltt\u0131klar\u0131n\u0131 s\u00f6yled[\/vc_column_text][\/vc_column][\/vc_row]<\/p>\n","protected":false},"excerpt":{"rendered":"<p>[vc_row][vc_column][vc_single_image image=&#8221;1080&#8243; img_size=&#8221;full&#8221; alignment=&#8221;center&#8221;][vc_empty_space][\/vc_column][\/vc_row][vc_row][vc_column][vc_column_text]\u0130T\u00dc Tekstil M\u00fchendisli\u011fi B\u00f6l\u00fcm\u00fc \u00d6\u011fretim \u00dcyesi Do\u00e7. Dr. Ali K\u0131l\u0131\u00e7, \u201cAntibakteriyel \u00fcr\u00fcnler kullan\u0131lm\u0131yor \u015fu anda \u00fclkemizde. Biz bu yenilik\u00e7i \u00fcr\u00fcnlerden yapt\u0131\u011f\u0131m\u0131z zaman hem kan\u0131 ve idrar\u0131 itiyor bu malzeme, \u00f6zellikle \u00f6nl\u00fcklerde ve sedye kuma\u015flar\u0131nda, hem de antibakteriyel&#8230;<\/p>\n","protected":false},"author":1,"featured_media":0,"parent":0,"menu_order":0,"comment_status":"closed","ping_status":"closed","template":"","meta":[],"_links":{"self":[{"href":"https:\/\/www.globaplast.com\/en\/wp-json\/wp\/v2\/pages\/1088"}],"collection":[{"href":"https:\/\/www.globaplast.com\/en\/wp-json\/wp\/v2\/pages"}],"about":[{"href":"https:\/\/www.globaplast.com\/en\/wp-json\/wp\/v2\/types\/page"}],"author":[{"embeddable":true,"href":"https:\/\/www.globaplast.com\/en\/wp-json\/wp\/v2\/users\/1"}],"replies":[{"embeddable":true,"href":"https:\/\/www.globaplast.com\/en\/wp-json\/wp\/v2\/comments?post=1088"}],"version-history":[{"count":1,"href":"https:\/\/www.globaplast.com\/en\/wp-json\/wp\/v2\/pages\/1088\/revisions"}],"predecessor-version":[{"id":1091,"href":"https:\/\/www.globaplast.com\/en\/wp-json\/wp\/v2\/pages\/1088\/revisions\/1091"}],"wp:attachment":[{"href":"https:\/\/www.globaplast.com\/en\/wp-json\/wp\/v2\/media?parent=1088"}],"curies":[{"name":"wp","href":"https:\/\/api.w.org\/{rel}","templated":true}]}}